{"id":1103,"date":"2019-11-18T22:36:16","date_gmt":"2019-11-18T21:36:16","guid":{"rendered":"http:\/\/formative-works.ch\/?post_type=projekt&#038;p=1103"},"modified":"2023-05-05T17:51:25","modified_gmt":"2023-05-05T15:51:25","slug":"angehoerigenfreundliche-versorgungskoordination","status":"publish","type":"projekt","link":"https:\/\/formative-works.ch\/?projekt=angehoerigenfreundliche-versorgungskoordination","title":{"rendered":"Angeh\u00f6rigenfreundliche Versorgungskoordination"},"content":{"rendered":"\n<p>Im Rahmen des F\u00f6rderprogramm zur Weiterentwicklung der\nUnterst\u00fctzungs- und Entlastungsangebote f\u00fcr betreuende Angeh\u00f6rige wurde <em>formative works<\/em> beauftragt, eine\nwissenschaftliche Antwort zu liefern zu den Koordinationsaufgaben von\nAngeh\u00f6rigen und zu den Koordinationsleistungen von Fachpersonen. <\/p>\n\n\n\n<p>Untersucht wurde, <\/p>\n\n\n\n<ul><li>was Koordination aus Sicht der\nAngeh\u00f6rigen genau beinaltet, <\/li><li>welche Leistungen von Fachpersonen\nerbracht werden, <\/li><li>wie die Arbeitsteilung zwischen\nAngeh\u00f6rigen und Fachpersonen aussieht und <\/li><li>worin die Belatung und der Bedarf\nnach Unterst\u00fctzung bei den Angeh\u00f6rigen besteht. <\/li><\/ul>\n\n\n\n<p>Die Ergebnisse zeigen, dass Angeh\u00f6rigen sehr viel mehr\n\u00fcbernehmen als das, was Fachpersonen unter Versorgungskoordination verstehen. <\/p>\n\n\n\n<figure class=\"wp-block-image size-large\"><img loading=\"lazy\" decoding=\"async\" width=\"657\" height=\"474\" src=\"http:\/\/formative-works.ch\/wp-content\/uploads\/2019\/12\/\u00dcbersicht.png\" alt=\"\" class=\"wp-image-1680\" srcset=\"https:\/\/formative-works.ch\/wp-content\/uploads\/2019\/12\/\u00dcbersicht.png 657w, https:\/\/formative-works.ch\/wp-content\/uploads\/2019\/12\/\u00dcbersicht-300x216.png 300w\" sizes=\"(max-width: 657px) 100vw, 657px\" \/><figcaption>Quelle: Br\u00fcgger, Sottas, Rime, Kissmann 2019<\/figcaption><\/figure>\n\n\n\n<p>Ein Hauptproblem besteht darin, dass im Schweizer\nGesundheitssystem verschiedene Fachpersonen jeweils f\u00fcr einen bestimmten\nBereich und f\u00fcr bestimmte Fragen zust\u00e4ndig sind. Angeh\u00f6rige m\u00fcssen deshalb f\u00fcr\njedes Anliegen eine andere Fachperson aufsuchen. Das f\u00fchrt zu einem grossen\nAufwand, zu L\u00fccken und Doppelspurigkeiten. Viele Angeh\u00f6rige haben das Gef\u00fchl,\nmit der Verantwortung und Belastung alleine gelassen zu werden. <\/p>\n\n\n\n<p>F\u00fcr eine bessere Unterst\u00fctzung der Angeh\u00f6rigen im Bereich\nder Koordination wird empfohlen:<\/p>\n\n\n\n<ul><li>Koordination als entscheidenden Teil der\nGesundheitsversorgung anzuerkennen,<\/li><li>in der Aus- und Weiterbildung die Bedarfe und\nLeistungen der Angeh\u00f6rigen zu thematisieren,<\/li><li>die Finanzierung von Koordinationsleistungen zu\nkl\u00e4ren und allenfalls zu pr\u00e4zisieren,<\/li><li>bedarfsgerechte Angebot zu entwickeln und den\nAbbau unn\u00f6tiger B\u00fcrokratie voranzutreiben.<\/li><\/ul>\n\n\n\n<div class=\"wp-block-file\"><a href=\"http:\/\/formative-works.ch\/wp-content\/uploads\/2019\/12\/Kurzfassung-Angehoerigenfreundliche-Versorgungskoordation_de.pdf\">Kurzfassung Angehoerigenfreundliche Versorgungskoordation<\/a><a href=\"http:\/\/formative-works.ch\/wp-content\/uploads\/2019\/12\/Kurzfassung-Angehoerigenfreundliche-Versorgungskoordation_de.pdf\" class=\"wp-block-file__button\" download>Herunterladen<\/a><\/div>\n","protected":false},"featured_media":1686,"template":"","categories":[10],"tags":[364,9],"_links":{"self":[{"href":"https:\/\/formative-works.ch\/index.php?rest_route=\/wp\/v2\/projekt\/1103"}],"collection":[{"href":"https:\/\/formative-works.ch\/index.php?rest_route=\/wp\/v2\/projekt"}],"about":[{"href":"https:\/\/formative-works.ch\/index.php?rest_route=\/wp\/v2\/types\/projekt"}],"version-history":[{"count":8,"href":"https:\/\/formative-works.ch\/index.php?rest_route=\/wp\/v2\/projekt\/1103\/revisions"}],"predecessor-version":[{"id":1793,"href":"https:\/\/formative-works.ch\/index.php?rest_route=\/wp\/v2\/projekt\/1103\/revisions\/1793"}],"wp:featuredmedia":[{"embeddable":true,"href":"https:\/\/formative-works.ch\/index.php?rest_route=\/wp\/v2\/media\/1686"}],"wp:attachment":[{"href":"https:\/\/formative-works.ch\/index.php?rest_route=%2Fwp%2Fv2%2Fmedia&parent=1103"}],"wp:term":[{"taxonomy":"category","embeddable":true,"href":"https:\/\/formative-works.ch\/index.php?rest_route=%2Fwp%2Fv2%2Fcategories&post=1103"},{"taxonomy":"post_tag","embeddable":true,"href":"https:\/\/formative-works.ch\/index.php?rest_route=%2Fwp%2Fv2%2Ftags&post=1103"}],"curies":[{"name":"wp","href":"https:\/\/api.w.org\/{rel}","templated":true}]}}